{"id":2907,"date":"2021-10-12T13:35:02","date_gmt":"2021-10-12T13:35:02","guid":{"rendered":"https:\/\/filling-the-gap.eu\/?page_id=2907"},"modified":"2023-03-15T13:08:25","modified_gmt":"2023-03-15T13:08:25","slug":"partners","status":"publish","type":"page","link":"https:\/\/filling-the-gap.eu\/it\/partners\/","title":{"rendered":"I partner"},"content":{"rendered":"<div data-elementor-type=\"wp-page\" data-elementor-id=\"2907\" class=\"elementor elementor-2907\" data-elementor-post-type=\"page\">\n\t\t\t\t\t\t<section class=\"elementor-section elementor-top-section elementor-element elementor-element-577ed3b elementor-section-height-min-height elementor-section-boxed elementor-section-height-default elementor-section-items-middle\" data-id=\"577ed3b\" data-element_type=\"section\" data-settings=\"{&quot;background_background&quot;:&quot;classic&quot;}\">\n\t\t\t\t\t\t\t<div class=\"elementor-background-overlay\"><\/div>\n\t\t\t\t\t\t\t<div class=\"elementor-container elementor-column-gap-default\">\n\t\t\t\t\t<div class=\"elementor-column elementor-col-100 elementor-top-column elementor-element elementor-element-70596da elementor-invisible\" data-id=\"70596da\" data-element_type=\"column\" data-settings=\"{&quot;animation&quot;:&quot;fadeIn&quot;}\">\n\t\t\t<div class=\"elementor-widget-wrap elementor-element-populated\">\n\t\t\t\t\t\t<section class=\"elementor-section elementor-inner-section elementor-element elementor-element-8962555 elementor-section-boxed elementor-section-height-default elementor-section-height-default\" data-id=\"8962555\" data-element_type=\"section\">\n\t\t\t\t\t\t<div class=\"elementor-container elementor-column-gap-default\">\n\t\t\t\t\t<div class=\"elementor-column elementor-col-100 elementor-inner-column elementor-element elementor-element-80ce9af\" data-id=\"80ce9af\" data-element_type=\"column\">\n\t\t\t<div class=\"elementor-widget-wrap elementor-element-populated\">\n\t\t\t\t\t\t<div class=\"elementor-element elementor-element-17f7a83 elementor-widget elementor-widget-image\" data-id=\"17f7a83\" data-element_type=\"widget\" data-widget_type=\"image.default\">\n\t\t\t\t<div class=\"elementor-widget-container\">\n\t\t\t\t\t\t\t\t\t\t\t\t\t\t\t<img decoding=\"async\" src=\"https:\/\/filling-the-gap.eu\/wp-content\/uploads\/elementor\/thumbs\/figuur4-white-qzm53czkd2ssaqutu6f20hvd8yb3kd86mr2c7qxd7k.png\" title=\"figuur4-white\" alt=\"figuur4-white\" loading=\"lazy\" \/>\t\t\t\t\t\t\t\t\t\t\t\t\t\t\t<\/div>\n\t\t\t\t<\/div>\n\t\t\t\t<div class=\"elementor-element elementor-element-935c640 elementor-widget elementor-widget-heading\" data-id=\"935c640\" data-element_type=\"widget\" data-widget_type=\"heading.default\">\n\t\t\t\t<div class=\"elementor-widget-container\">\n\t\t\t\t\t<h2 class=\"elementor-heading-title elementor-size-default\">I partner<\/h2>\t\t\t\t<\/div>\n\t\t\t\t<\/div>\n\t\t\t\t\t<\/div>\n\t\t<\/div>\n\t\t\t\t\t<\/div>\n\t\t<\/section>\n\t\t\t\t\t<\/div>\n\t\t<\/div>\n\t\t\t\t\t<\/div>\n\t\t<\/section>\n\t\t\t\t<section class=\"elementor-section elementor-top-section elementor-element elementor-element-3d2bf7e elementor-section-boxed elementor-section-height-default elementor-section-height-default\" data-id=\"3d2bf7e\" data-element_type=\"section\">\n\t\t\t\t\t\t<div class=\"elementor-container elementor-column-gap-default\">\n\t\t\t\t\t<div class=\"elementor-column elementor-col-100 elementor-top-column elementor-element elementor-element-35744bb\" data-id=\"35744bb\" data-element_type=\"column\">\n\t\t\t<div class=\"elementor-widget-wrap elementor-element-populated\">\n\t\t\t\t\t\t<div class=\"elementor-element elementor-element-9ebbc60 elementor-invisible elementor-widget elementor-widget-text-editor\" data-id=\"9ebbc60\" data-element_type=\"widget\" data-settings=\"{&quot;_animation&quot;:&quot;fadeInUp&quot;}\" data-widget_type=\"text-editor.default\">\n\t\t\t\t<div class=\"elementor-widget-container\">\n\t\t\t\t\t\t\t\t\t<p class=\"translation-block\"><b>\u201cFilling the Gap: OER for supporting teachers in distance learning\"<\/b> \u00e8 un progetto coordinato da Irecoop Emilia-Romagna. Il partenariato \u00e8 composto da quattro scuole secondarie (<b>LICEO FANTI, PLATON, BERNARDIN FRANKOPAN e COLEGIO HUERTA SANTA ANA<\/b>), una cooperativa di formazione professionale (<b>IRECOOP<\/b>), una cooperativa di servizi digitali e didattici (<b>ARCHILAB\u00d2<\/b>) e un'universit\u00e0 (<b>UCLL<\/b>), che condividono competenze specifiche sulle pratiche inclusive.<\/p>\t\t\t\t\t\t\t\t<\/div>\n\t\t\t\t<\/div>\n\t\t\t\t\t<\/div>\n\t\t<\/div>\n\t\t\t\t\t<\/div>\n\t\t<\/section>\n\t\t\t\t<section class=\"elementor-section elementor-top-section elementor-element elementor-element-45f1192 elementor-section-height-min-height elementor-section-items-stretch elementor-section-boxed elementor-section-height-default\" data-id=\"45f1192\" data-element_type=\"section\" data-settings=\"{&quot;background_background&quot;:&quot;classic&quot;}\">\n\t\t\t\t\t\t\t<div class=\"elementor-background-overlay\"><\/div>\n\t\t\t\t\t\t\t<div class=\"elementor-container elementor-column-gap-default\">\n\t\t\t\t\t<div class=\"elementor-column elementor-col-100 elementor-top-column elementor-element elementor-element-3db202e elementor-invisible\" data-id=\"3db202e\" data-element_type=\"column\" data-settings=\"{&quot;animation&quot;:&quot;fadeIn&quot;,&quot;background_background&quot;:&quot;classic&quot;}\">\n\t\t\t<div class=\"elementor-widget-wrap elementor-element-populated\">\n\t\t\t\t\t\t<div class=\"elementor-element elementor-element-c4893e7 animated-slow elementor-invisible elementor-widget elementor-widget-heading\" data-id=\"c4893e7\" data-element_type=\"widget\" data-settings=\"{&quot;_animation&quot;:&quot;fadeIn&quot;}\" data-widget_type=\"heading.default\">\n\t\t\t\t<div class=\"elementor-widget-container\">\n\t\t\t\t\t<h2 class=\"elementor-heading-title elementor-size-default\">Italia<\/h2>\t\t\t\t<\/div>\n\t\t\t\t<\/div>\n\t\t\t\t\t<\/div>\n\t\t<\/div>\n\t\t\t\t\t<\/div>\n\t\t<\/section>\n\t\t\t\t<section class=\"elementor-section elementor-top-section elementor-element elementor-element-7e0b396 elementor-section-boxed elementor-section-height-default elementor-section-height-default\" data-id=\"7e0b396\" data-element_type=\"section\">\n\t\t\t\t\t\t<div class=\"elementor-container elementor-column-gap-default\">\n\t\t\t\t\t<div class=\"elementor-column elementor-col-100 elementor-top-column elementor-element elementor-element-e4e3edb\" data-id=\"e4e3edb\" data-element_type=\"column\">\n\t\t\t<div class=\"elementor-widget-wrap elementor-element-populated\">\n\t\t\t\t\t\t<div class=\"elementor-element elementor-element-1563a3d elementor-widget elementor-widget-menu-anchor\" data-id=\"1563a3d\" data-element_type=\"widget\" data-widget_type=\"menu-anchor.default\">\n\t\t\t\t<div class=\"elementor-widget-container\">\n\t\t\t\t\t\t\t<div class=\"elementor-menu-anchor\" id=\"irecoop\"><\/div>\n\t\t\t\t\t\t<\/div>\n\t\t\t\t<\/div>\n\t\t\t\t<div class=\"elementor-element elementor-element-9dee423 elementor-position-top elementor-invisible elementor-widget elementor-widget-image-box\" data-id=\"9dee423\" data-element_type=\"widget\" data-settings=\"{&quot;_animation&quot;:&quot;fadeInUp&quot;}\" data-widget_type=\"image-box.default\">\n\t\t\t\t<div class=\"elementor-widget-container\">\n\t\t\t\t\t<div class=\"elementor-image-box-wrapper\"><figure class=\"elementor-image-box-img\"><a href=\"https:\/\/www.irecoop.it\/\" target=\"_blank\" rel=\"nofollow\" tabindex=\"-1\"><img fetchpriority=\"high\" decoding=\"async\" width=\"800\" height=\"313\" src=\"https:\/\/filling-the-gap.eu\/wp-content\/uploads\/2021\/08\/logo_irecoop-emilia-romagna-1.png\" class=\"attachment-full size-full wp-image-1474\" alt=\"\" srcset=\"https:\/\/filling-the-gap.eu\/wp-content\/uploads\/2021\/08\/logo_irecoop-emilia-romagna-1.png 800w, https:\/\/filling-the-gap.eu\/wp-content\/uploads\/2021\/08\/logo_irecoop-emilia-romagna-1-300x117.png 300w, https:\/\/filling-the-gap.eu\/wp-content\/uploads\/2021\/08\/logo_irecoop-emilia-romagna-1-768x300.png 768w, https:\/\/filling-the-gap.eu\/wp-content\/uploads\/2021\/08\/logo_irecoop-emilia-romagna-1-400x157.png 400w\" sizes=\"(max-width: 800px) 100vw, 800px\" \/><\/a><\/figure><div class=\"elementor-image-box-content\"><h4 class=\"elementor-image-box-title\"><a href=\"https:\/\/www.irecoop.it\/\" target=\"_blank\" rel=\"nofollow\">Coordinatore<\/a><\/h4><p class=\"elementor-image-box-description\">Irecoop Emilia Romagna, ente di Formazione Professionale di Confcooperative Emilia-Romagna, nasce per rispondere ai bisogni formativi del sistema cooperativo regionale. Esso mira ad essere uno strumento per lo sviluppo di nuove competenze che innovino il tessuto produttivo locale, per la promozione della cultura cooperativa, per il  sostegno alla crescita professionale e alla capacit\u00e0 di auto-imprenditoriale delle persone. Si rivolge sia alle imprese cooperative che alle persone in cerca di lavoro\/occupati\/profili professionali emergenti, promuovendo attivit\u00e0 di formazione\/qualificazione\/riqualificazione professionale e sostegno all'inserimento lavorativo con un'attenzione specifica ai gruppi svantaggiati. Ha una expertise specifica sui temi dell'inclusione sociale, la formazione formatori, l'educazione cooperativa a scuola, il supporto ai processi di digitalizzazione.<\/p><\/div><\/div>\t\t\t\t<\/div>\n\t\t\t\t<\/div>\n\t\t\t\t<div class=\"elementor-element elementor-element-e6edbdb elementor-widget elementor-widget-menu-anchor\" data-id=\"e6edbdb\" data-element_type=\"widget\" data-widget_type=\"menu-anchor.default\">\n\t\t\t\t<div class=\"elementor-widget-container\">\n\t\t\t\t\t\t\t<div class=\"elementor-menu-anchor\" id=\"archilabo\"><\/div>\n\t\t\t\t\t\t<\/div>\n\t\t\t\t<\/div>\n\t\t\t\t<div class=\"elementor-element elementor-element-8af2a10 elementor-position-top elementor-invisible elementor-widget elementor-widget-image-box\" data-id=\"8af2a10\" data-element_type=\"widget\" data-settings=\"{&quot;_animation&quot;:&quot;fadeInUp&quot;}\" data-widget_type=\"image-box.default\">\n\t\t\t\t<div class=\"elementor-widget-container\">\n\t\t\t\t\t<div class=\"elementor-image-box-wrapper\"><figure class=\"elementor-image-box-img\"><a href=\"http:\/\/www.archilabo.org\/content\/\" target=\"_blank\" rel=\"nofollow\" tabindex=\"-1\"><img decoding=\"async\" width=\"939\" height=\"697\" src=\"https:\/\/filling-the-gap.eu\/wp-content\/uploads\/2021\/08\/logo-vettoriale-negativo-archilabo-4.png\" class=\"attachment-full size-full wp-image-989\" alt=\"\" srcset=\"https:\/\/filling-the-gap.eu\/wp-content\/uploads\/2021\/08\/logo-vettoriale-negativo-archilabo-4.png 939w, https:\/\/filling-the-gap.eu\/wp-content\/uploads\/2021\/08\/logo-vettoriale-negativo-archilabo-4-300x223.png 300w, https:\/\/filling-the-gap.eu\/wp-content\/uploads\/2021\/08\/logo-vettoriale-negativo-archilabo-4-768x570.png 768w, https:\/\/filling-the-gap.eu\/wp-content\/uploads\/2021\/08\/logo-vettoriale-negativo-archilabo-4-400x297.png 400w\" sizes=\"(max-width: 939px) 100vw, 939px\" \/><\/a><\/figure><div class=\"elementor-image-box-content\"><p class=\"elementor-image-box-description\">Archilab\u00f2 \u00e8 una cooperativa sociale con sede a Bologna. Gli ambiti di intervento in cui opera la cooperativa sono radicati nell'inclusione sociale e si articolano nei seguenti servizi: Centro di apprendimento specialistico AMPIA dedicato a studenti con DSA e altri BES, educazione emotiva e contrasto al bullismo e al cyberbullismo, rafforzamento del patto educativo tra scuola, famiglia e servizi socio-sanitari, sostegno alla genitorialit\u00e0, innovazione dell'offerta formativa, sviluppo di competenze digitali e media literacy, formazione del personale docente, empowerment della comunit\u00e0 educante e chiusura del gap di genere in ambito STEM. <\/p><\/div><\/div>\t\t\t\t<\/div>\n\t\t\t\t<\/div>\n\t\t\t\t<div class=\"elementor-element elementor-element-fd99b9b elementor-widget elementor-widget-menu-anchor\" data-id=\"fd99b9b\" data-element_type=\"widget\" data-widget_type=\"menu-anchor.default\">\n\t\t\t\t<div class=\"elementor-widget-container\">\n\t\t\t\t\t\t\t<div class=\"elementor-menu-anchor\" id=\"liceofanti\"><\/div>\n\t\t\t\t\t\t<\/div>\n\t\t\t\t<\/div>\n\t\t\t\t<div class=\"elementor-element elementor-element-c59376b elementor-position-top elementor-invisible elementor-widget elementor-widget-image-box\" data-id=\"c59376b\" data-element_type=\"widget\" data-settings=\"{&quot;_animation&quot;:&quot;fadeInUp&quot;}\" data-widget_type=\"image-box.default\">\n\t\t\t\t<div class=\"elementor-widget-container\">\n\t\t\t\t\t<div class=\"elementor-image-box-wrapper\"><figure class=\"elementor-image-box-img\"><a href=\"https:\/\/www.liceofanti.it\/\" target=\"_blank\" rel=\"nofollow\" tabindex=\"-1\"><img decoding=\"async\" width=\"546\" height=\"326\" src=\"https:\/\/filling-the-gap.eu\/wp-content\/uploads\/2021\/08\/Tavola-disegno-1.png\" class=\"attachment-full size-full wp-image-994\" alt=\"\" srcset=\"https:\/\/filling-the-gap.eu\/wp-content\/uploads\/2021\/08\/Tavola-disegno-1.png 546w, https:\/\/filling-the-gap.eu\/wp-content\/uploads\/2021\/08\/Tavola-disegno-1-300x179.png 300w, https:\/\/filling-the-gap.eu\/wp-content\/uploads\/2021\/08\/Tavola-disegno-1-400x239.png 400w\" sizes=\"(max-width: 546px) 100vw, 546px\" \/><\/a><\/figure><div class=\"elementor-image-box-content\"><p class=\"elementor-image-box-description\">Il Liceo Fanti si trova a Carpi, nel Nord Italia, ed \u00e8 un Istituto di Istruzione Superiore con un\u2019offerta formativa declinata in 5 aree diverse, che permette di sviluppare al meglio le potenzialit\u00e0 degli studenti. Il Liceo Fanti ha colto le opportunit\u00e0 offerte dal Ministero dell'Istruzione MIUR, attivando negli anni diverse aree di studio in risposta alle nuove tendenze e ai cambiamenti della societ\u00e0. Al numero di studenti in costante aumento e alla nascita di nuove esigenze, la scuola ha risposto con una programmazione ricca e variegata. I contatti con altre scuole e le realt\u00e0 culturali internazionali (nonostante la pandemia di Covid) impegnano a turno tutte le classi. Il vivace contesto sociale ed economico in cui si trova il Liceo offre numerosi contatti e collaborazioni con istituzioni, enti e aziende del territorio. Inoltre, numerosi progetti Erasmus e la partecipazione a reti di dibattito e hackathon permettono, nonostante le numerose difficolt\u00e0 causate dalla pandemia, di mantenere vivo l'impegno creativo e l'acquisizione di competenze linguistiche, favorendo il pensiero critico e atteggiamenti resilienti e propositivi.<\/p><\/div><\/div>\t\t\t\t<\/div>\n\t\t\t\t<\/div>\n\t\t\t\t\t<\/div>\n\t\t<\/div>\n\t\t\t\t\t<\/div>\n\t\t<\/section>\n\t\t\t\t<section class=\"elementor-section elementor-top-section elementor-element elementor-element-f1e8222 elementor-section-height-min-height elementor-section-items-stretch elementor-section-boxed elementor-section-height-default\" data-id=\"f1e8222\" data-element_type=\"section\" data-settings=\"{&quot;background_background&quot;:&quot;classic&quot;}\">\n\t\t\t\t\t\t\t<div class=\"elementor-background-overlay\"><\/div>\n\t\t\t\t\t\t\t<div class=\"elementor-container elementor-column-gap-default\">\n\t\t\t\t\t<div class=\"elementor-column elementor-col-100 elementor-top-column elementor-element elementor-element-8ca866b elementor-invisible\" data-id=\"8ca866b\" data-element_type=\"column\" data-settings=\"{&quot;animation&quot;:&quot;fadeIn&quot;,&quot;background_background&quot;:&quot;classic&quot;}\">\n\t\t\t<div class=\"elementor-widget-wrap elementor-element-populated\">\n\t\t\t\t\t\t<div class=\"elementor-element elementor-element-3be56f0 animated-slow elementor-invisible elementor-widget elementor-widget-heading\" data-id=\"3be56f0\" data-element_type=\"widget\" data-settings=\"{&quot;_animation&quot;:&quot;fadeIn&quot;}\" data-widget_type=\"heading.default\">\n\t\t\t\t<div class=\"elementor-widget-container\">\n\t\t\t\t\t<h2 class=\"elementor-heading-title elementor-size-default\">Il Belgio<\/h2>\t\t\t\t<\/div>\n\t\t\t\t<\/div>\n\t\t\t\t\t<\/div>\n\t\t<\/div>\n\t\t\t\t\t<\/div>\n\t\t<\/section>\n\t\t\t\t<section class=\"elementor-section elementor-top-section elementor-element elementor-element-52d8427 elementor-section-boxed elementor-section-height-default elementor-section-height-default\" data-id=\"52d8427\" data-element_type=\"section\">\n\t\t\t\t\t\t<div class=\"elementor-container elementor-column-gap-default\">\n\t\t\t\t\t<div class=\"elementor-column elementor-col-100 elementor-top-column elementor-element elementor-element-afec190\" data-id=\"afec190\" data-element_type=\"column\">\n\t\t\t<div class=\"elementor-widget-wrap elementor-element-populated\">\n\t\t\t\t\t\t<div class=\"elementor-element elementor-element-5947f7c elementor-widget elementor-widget-menu-anchor\" data-id=\"5947f7c\" data-element_type=\"widget\" data-widget_type=\"menu-anchor.default\">\n\t\t\t\t<div class=\"elementor-widget-container\">\n\t\t\t\t\t\t\t<div class=\"elementor-menu-anchor\" id=\"ucll\"><\/div>\n\t\t\t\t\t\t<\/div>\n\t\t\t\t<\/div>\n\t\t\t\t<div class=\"elementor-element elementor-element-a0988c6 elementor-position-top elementor-invisible elementor-widget elementor-widget-image-box\" data-id=\"a0988c6\" data-element_type=\"widget\" data-settings=\"{&quot;_animation&quot;:&quot;fadeInUp&quot;}\" data-widget_type=\"image-box.default\">\n\t\t\t\t<div class=\"elementor-widget-container\">\n\t\t\t\t\t<div class=\"elementor-image-box-wrapper\"><figure class=\"elementor-image-box-img\"><a href=\"https:\/\/www.ucll.be\/\" tabindex=\"-1\"><img loading=\"lazy\" decoding=\"async\" width=\"1600\" height=\"390\" src=\"https:\/\/filling-the-gap.eu\/wp-content\/uploads\/2021\/08\/ucll_logo_researchenexpertise_cmyk-1.jpeg\" class=\"attachment-full size-full wp-image-1579\" alt=\"\" srcset=\"https:\/\/filling-the-gap.eu\/wp-content\/uploads\/2021\/08\/ucll_logo_researchenexpertise_cmyk-1.jpeg 1600w, https:\/\/filling-the-gap.eu\/wp-content\/uploads\/2021\/08\/ucll_logo_researchenexpertise_cmyk-1-300x73.jpeg 300w, https:\/\/filling-the-gap.eu\/wp-content\/uploads\/2021\/08\/ucll_logo_researchenexpertise_cmyk-1-1024x250.jpeg 1024w, https:\/\/filling-the-gap.eu\/wp-content\/uploads\/2021\/08\/ucll_logo_researchenexpertise_cmyk-1-768x187.jpeg 768w, https:\/\/filling-the-gap.eu\/wp-content\/uploads\/2021\/08\/ucll_logo_researchenexpertise_cmyk-1-1536x374.jpeg 1536w, https:\/\/filling-the-gap.eu\/wp-content\/uploads\/2021\/08\/ucll_logo_researchenexpertise_cmyk-1-400x98.jpeg 400w\" sizes=\"(max-width: 1600px) 100vw, 1600px\" \/><\/a><\/figure><div class=\"elementor-image-box-content\"><p class=\"elementor-image-box-description\">UC Leuven-Limburg (UCLL) \u00e8 un\u2019Istituzione universitaria nelle Fiandre. Oltre ad offrire programmi di laurea, di laurea professionale e di laurea magistrale, UCLL ospita otto centri di ricerca. Due di questi sono coinvolti in questo progetto: Inclusive Society e Digital Solutions. Inclusive Society \u00e8 un centro di conoscenza e formazione orientato alla pratica che      individua competenze pratiche (scientifiche) in materia di inclusione, partecipazione e diversit\u00e0.  Centrato sul know-how in ambito IT &amp; Technology con lo scopo di uno sviluppo guidato dall'innovazione, il centro di ricerca Digital Solutions, per questo progetto, si concentrer\u00e0 sul campo del Technology Enhanced Learning.<\/p><\/div><\/div>\t\t\t\t<\/div>\n\t\t\t\t<\/div>\n\t\t\t\t\t<\/div>\n\t\t<\/div>\n\t\t\t\t\t<\/div>\n\t\t<\/section>\n\t\t\t\t<section class=\"elementor-section elementor-top-section elementor-element elementor-element-5bb67b6 elementor-section-height-min-height elementor-section-items-stretch elementor-section-boxed elementor-section-height-default\" data-id=\"5bb67b6\" data-element_type=\"section\" data-settings=\"{&quot;background_background&quot;:&quot;classic&quot;}\">\n\t\t\t\t\t\t\t<div class=\"elementor-background-overlay\"><\/div>\n\t\t\t\t\t\t\t<div class=\"elementor-container elementor-column-gap-default\">\n\t\t\t\t\t<div class=\"elementor-column elementor-col-100 elementor-top-column elementor-element elementor-element-1cee8cf elementor-invisible\" data-id=\"1cee8cf\" data-element_type=\"column\" data-settings=\"{&quot;animation&quot;:&quot;fadeIn&quot;,&quot;background_background&quot;:&quot;classic&quot;}\">\n\t\t\t<div class=\"elementor-widget-wrap elementor-element-populated\">\n\t\t\t\t\t\t<div class=\"elementor-element elementor-element-7e2743a animated-slow elementor-invisible elementor-widget elementor-widget-heading\" data-id=\"7e2743a\" data-element_type=\"widget\" data-settings=\"{&quot;_animation&quot;:&quot;fadeIn&quot;}\" data-widget_type=\"heading.default\">\n\t\t\t\t<div class=\"elementor-widget-container\">\n\t\t\t\t\t<h2 class=\"elementor-heading-title elementor-size-default\">Croazia<\/h2>\t\t\t\t<\/div>\n\t\t\t\t<\/div>\n\t\t\t\t\t<\/div>\n\t\t<\/div>\n\t\t\t\t\t<\/div>\n\t\t<\/section>\n\t\t\t\t<section class=\"elementor-section elementor-top-section elementor-element elementor-element-7df1d63 elementor-section-boxed elementor-section-height-default elementor-section-height-default\" data-id=\"7df1d63\" data-element_type=\"section\">\n\t\t\t\t\t\t<div class=\"elementor-container elementor-column-gap-default\">\n\t\t\t\t\t<div class=\"elementor-column elementor-col-100 elementor-top-column elementor-element elementor-element-3883db5\" data-id=\"3883db5\" data-element_type=\"column\">\n\t\t\t<div class=\"elementor-widget-wrap elementor-element-populated\">\n\t\t\t\t\t\t<div class=\"elementor-element elementor-element-16c7be1 elementor-widget elementor-widget-menu-anchor\" data-id=\"16c7be1\" data-element_type=\"widget\" data-widget_type=\"menu-anchor.default\">\n\t\t\t\t<div class=\"elementor-widget-container\">\n\t\t\t\t\t\t\t<div class=\"elementor-menu-anchor\" id=\"bernardin\"><\/div>\n\t\t\t\t\t\t<\/div>\n\t\t\t\t<\/div>\n\t\t\t\t<div class=\"elementor-element elementor-element-7e18507 elementor-position-top elementor-invisible elementor-widget elementor-widget-image-box\" data-id=\"7e18507\" data-element_type=\"widget\" data-settings=\"{&quot;_animation&quot;:&quot;fadeInUp&quot;}\" data-widget_type=\"image-box.default\">\n\t\t\t\t<div class=\"elementor-widget-container\">\n\t\t\t\t\t<div class=\"elementor-image-box-wrapper\"><figure class=\"elementor-image-box-img\"><a href=\"http:\/\/www.gimnazija-strukovnabfrankopana-ogulin.skole.hr\/\" tabindex=\"-1\"><img loading=\"lazy\" decoding=\"async\" width=\"5000\" height=\"5000\" src=\"https:\/\/filling-the-gap.eu\/wp-content\/uploads\/2021\/11\/Logo-without-backgroundPNG-1.png\" class=\"attachment-full size-full wp-image-5321\" alt=\"\" srcset=\"https:\/\/filling-the-gap.eu\/wp-content\/uploads\/2021\/11\/Logo-without-backgroundPNG-1.png 5000w, https:\/\/filling-the-gap.eu\/wp-content\/uploads\/2021\/11\/Logo-without-backgroundPNG-1-300x300.png 300w, https:\/\/filling-the-gap.eu\/wp-content\/uploads\/2021\/11\/Logo-without-backgroundPNG-1-1024x1024.png 1024w, https:\/\/filling-the-gap.eu\/wp-content\/uploads\/2021\/11\/Logo-without-backgroundPNG-1-150x150.png 150w, https:\/\/filling-the-gap.eu\/wp-content\/uploads\/2021\/11\/Logo-without-backgroundPNG-1-768x768.png 768w, https:\/\/filling-the-gap.eu\/wp-content\/uploads\/2021\/11\/Logo-without-backgroundPNG-1-1536x1536.png 1536w, https:\/\/filling-the-gap.eu\/wp-content\/uploads\/2021\/11\/Logo-without-backgroundPNG-1-2048x2048.png 2048w, https:\/\/filling-the-gap.eu\/wp-content\/uploads\/2021\/11\/Logo-without-backgroundPNG-1-50x50.png 50w\" sizes=\"(max-width: 5000px) 100vw, 5000px\" \/><\/a><\/figure><div class=\"elementor-image-box-content\"><p class=\"elementor-image-box-description\">La Gimnazija i strukovna \u0161kola Bernardina Frankopana \u00e8 una scuola secondaria (liceo e istituto professionale) con oltre 100 anni di tradizione educativa. Agli studenti viene offerta un'educazione generale che li prepara per l'universit\u00e0, insieme a programmi professionali come economia e turismo. Si trova nel cuore della Croazia, la citt\u00e0 storica di Ogulin. Sia gli insegnanti che gli studenti sono stati coinvolti in vari progetti locali, nazionali e internazionali. La scuola \u00e8 anche membro di eTwinning, UNESCO ASPNet, European Parliament Ambassador School, Regional Support for Inclusive Education ed \u00e8 anche una e-School. La scuola promuove un approccio inclusivo in cui dipendenti, studenti, genitori e membri della comunit\u00e0 lavorano insieme per aiutare ogni studente a raggiungere il suo pieno potenziale, in un ambiente in cui tutti si sentono benvenuti, rispettati e valorizzati e sviluppano competenze che contribuiscono alla coesione sociale e alla societ\u00e0 inclusiva. <\/p><\/div><\/div>\t\t\t\t<\/div>\n\t\t\t\t<\/div>\n\t\t\t\t\t<\/div>\n\t\t<\/div>\n\t\t\t\t\t<\/div>\n\t\t<\/section>\n\t\t\t\t<section class=\"elementor-section elementor-top-section elementor-element elementor-element-24f7cf1 elementor-section-height-min-height elementor-section-items-stretch elementor-section-boxed elementor-section-height-default\" data-id=\"24f7cf1\" data-element_type=\"section\" data-settings=\"{&quot;background_background&quot;:&quot;classic&quot;}\">\n\t\t\t\t\t\t\t<div class=\"elementor-background-overlay\"><\/div>\n\t\t\t\t\t\t\t<div class=\"elementor-container elementor-column-gap-default\">\n\t\t\t\t\t<div class=\"elementor-column elementor-col-100 elementor-top-column elementor-element elementor-element-3d07539 elementor-invisible\" data-id=\"3d07539\" data-element_type=\"column\" data-settings=\"{&quot;animation&quot;:&quot;fadeIn&quot;,&quot;background_background&quot;:&quot;classic&quot;}\">\n\t\t\t<div class=\"elementor-widget-wrap elementor-element-populated\">\n\t\t\t\t\t\t<div class=\"elementor-element elementor-element-66e1906 animated-slow elementor-invisible elementor-widget elementor-widget-heading\" data-id=\"66e1906\" data-element_type=\"widget\" data-settings=\"{&quot;_animation&quot;:&quot;fadeIn&quot;}\" data-widget_type=\"heading.default\">\n\t\t\t\t<div class=\"elementor-widget-container\">\n\t\t\t\t\t<h2 class=\"elementor-heading-title elementor-size-default\">Grecia<\/h2>\t\t\t\t<\/div>\n\t\t\t\t<\/div>\n\t\t\t\t\t<\/div>\n\t\t<\/div>\n\t\t\t\t\t<\/div>\n\t\t<\/section>\n\t\t\t\t<section class=\"elementor-section elementor-top-section elementor-element elementor-element-7edd85c elementor-section-boxed elementor-section-height-default elementor-section-height-default\" data-id=\"7edd85c\" data-element_type=\"section\">\n\t\t\t\t\t\t<div class=\"elementor-container elementor-column-gap-default\">\n\t\t\t\t\t<div class=\"elementor-column elementor-col-100 elementor-top-column elementor-element elementor-element-4c24fd0\" data-id=\"4c24fd0\" data-element_type=\"column\">\n\t\t\t<div class=\"elementor-widget-wrap elementor-element-populated\">\n\t\t\t\t\t\t<div class=\"elementor-element elementor-element-e0d0ff9 elementor-widget elementor-widget-menu-anchor\" data-id=\"e0d0ff9\" data-element_type=\"widget\" data-widget_type=\"menu-anchor.default\">\n\t\t\t\t<div class=\"elementor-widget-container\">\n\t\t\t\t\t\t\t<div class=\"elementor-menu-anchor\" id=\"platon\"><\/div>\n\t\t\t\t\t\t<\/div>\n\t\t\t\t<\/div>\n\t\t\t\t<div class=\"elementor-element elementor-element-6f0b8eb elementor-position-top elementor-invisible elementor-widget elementor-widget-image-box\" data-id=\"6f0b8eb\" data-element_type=\"widget\" data-settings=\"{&quot;_animation&quot;:&quot;fadeInUp&quot;}\" data-widget_type=\"image-box.default\">\n\t\t\t\t<div class=\"elementor-widget-container\">\n\t\t\t\t\t<div class=\"elementor-image-box-wrapper\"><figure class=\"elementor-image-box-img\"><a href=\"https:\/\/platon.edu.gr\/\" tabindex=\"-1\"><img loading=\"lazy\" decoding=\"async\" width=\"799\" height=\"684\" src=\"https:\/\/filling-the-gap.eu\/wp-content\/uploads\/2021\/08\/PLATON__logo.png\" class=\"attachment-full size-full wp-image-999\" alt=\"\" srcset=\"https:\/\/filling-the-gap.eu\/wp-content\/uploads\/2021\/08\/PLATON__logo.png 799w, https:\/\/filling-the-gap.eu\/wp-content\/uploads\/2021\/08\/PLATON__logo-300x257.png 300w, https:\/\/filling-the-gap.eu\/wp-content\/uploads\/2021\/08\/PLATON__logo-768x657.png 768w, https:\/\/filling-the-gap.eu\/wp-content\/uploads\/2021\/08\/PLATON__logo-350x300.png 350w\" sizes=\"(max-width: 799px) 100vw, 799px\" \/><\/a><\/figure><div class=\"elementor-image-box-content\"><p class=\"elementor-image-box-description\">Lo scopo principale di Platon Schools \u00e8 l'approccio olistico all\u2019educazione. L'obiettivo non \u00e8 solo quello di preparare gli scienziati di domani, ma di formare i giovani in senso pi\u00f9 ampio, infondendo loro valori umani e di civilt\u00e0. Le scuole Platon combinano la tradizione con l'innovazione e, attraverso programmi europei pionieristici e dinamici, mirano a formare cittadini con una coscienza nazionale e allo stesso tempo con la cultura europea, al fine di soddisfare le esigenze dell'era moderna. La scuola fornisce un programma educativo completo con metodi di insegnamento moderni, grazie al quale ogni studente acquisisce una vasta gamma di conoscenze, sviluppando allo stesso tempo le sue particolari inclinazioni e capacit\u00e0.\n<\/p><\/div><\/div>\t\t\t\t<\/div>\n\t\t\t\t<\/div>\n\t\t\t\t\t<\/div>\n\t\t<\/div>\n\t\t\t\t\t<\/div>\n\t\t<\/section>\n\t\t\t\t<section class=\"elementor-section elementor-top-section elementor-element elementor-element-c2b7e13 elementor-section-height-min-height elementor-section-items-stretch elementor-section-boxed elementor-section-height-default\" data-id=\"c2b7e13\" data-element_type=\"section\" data-settings=\"{&quot;background_background&quot;:&quot;classic&quot;}\">\n\t\t\t\t\t\t\t<div class=\"elementor-background-overlay\"><\/div>\n\t\t\t\t\t\t\t<div class=\"elementor-container elementor-column-gap-default\">\n\t\t\t\t\t<div class=\"elementor-column elementor-col-100 elementor-top-column elementor-element elementor-element-3ee4f39 elementor-invisible\" data-id=\"3ee4f39\" data-element_type=\"column\" data-settings=\"{&quot;animation&quot;:&quot;fadeIn&quot;,&quot;background_background&quot;:&quot;classic&quot;}\">\n\t\t\t<div class=\"elementor-widget-wrap elementor-element-populated\">\n\t\t\t\t\t\t<div class=\"elementor-element elementor-element-dfd3a07 animated-slow elementor-invisible elementor-widget elementor-widget-heading\" data-id=\"dfd3a07\" data-element_type=\"widget\" data-settings=\"{&quot;_animation&quot;:&quot;fadeIn&quot;}\" data-widget_type=\"heading.default\">\n\t\t\t\t<div class=\"elementor-widget-container\">\n\t\t\t\t\t<h2 class=\"elementor-heading-title elementor-size-default\">Spagna<\/h2>\t\t\t\t<\/div>\n\t\t\t\t<\/div>\n\t\t\t\t\t<\/div>\n\t\t<\/div>\n\t\t\t\t\t<\/div>\n\t\t<\/section>\n\t\t\t\t<section class=\"elementor-section elementor-top-section elementor-element elementor-element-191103c elementor-section-boxed elementor-section-height-default elementor-section-height-default\" data-id=\"191103c\" data-element_type=\"section\">\n\t\t\t\t\t\t<div class=\"elementor-container elementor-column-gap-default\">\n\t\t\t\t\t<div class=\"elementor-column elementor-col-100 elementor-top-column elementor-element elementor-element-c8f7cc4\" data-id=\"c8f7cc4\" data-element_type=\"column\">\n\t\t\t<div class=\"elementor-widget-wrap elementor-element-populated\">\n\t\t\t\t\t\t<div class=\"elementor-element elementor-element-d9ab96e elementor-widget elementor-widget-menu-anchor\" data-id=\"d9ab96e\" data-element_type=\"widget\" data-widget_type=\"menu-anchor.default\">\n\t\t\t\t<div class=\"elementor-widget-container\">\n\t\t\t\t\t\t\t<div class=\"elementor-menu-anchor\" id=\"huertasantaana\"><\/div>\n\t\t\t\t\t\t<\/div>\n\t\t\t\t<\/div>\n\t\t\t\t<div class=\"elementor-element elementor-element-5d92711 elementor-position-top elementor-invisible elementor-widget elementor-widget-image-box\" data-id=\"5d92711\" data-element_type=\"widget\" data-settings=\"{&quot;_animation&quot;:&quot;fadeInUp&quot;}\" data-widget_type=\"image-box.default\">\n\t\t\t\t<div class=\"elementor-widget-container\">\n\t\t\t\t\t<div class=\"elementor-image-box-wrapper\"><figure class=\"elementor-image-box-img\"><a href=\"https:\/\/huertana.es\/\" tabindex=\"-1\"><img loading=\"lazy\" decoding=\"async\" width=\"1865\" height=\"544\" src=\"https:\/\/filling-the-gap.eu\/wp-content\/uploads\/2021\/08\/Logo_HSA_h.png\" class=\"attachment-full size-full wp-image-1044\" alt=\"\" srcset=\"https:\/\/filling-the-gap.eu\/wp-content\/uploads\/2021\/08\/Logo_HSA_h.png 1865w, https:\/\/filling-the-gap.eu\/wp-content\/uploads\/2021\/08\/Logo_HSA_h-300x88.png 300w, https:\/\/filling-the-gap.eu\/wp-content\/uploads\/2021\/08\/Logo_HSA_h-1024x299.png 1024w, https:\/\/filling-the-gap.eu\/wp-content\/uploads\/2021\/08\/Logo_HSA_h-768x224.png 768w, https:\/\/filling-the-gap.eu\/wp-content\/uploads\/2021\/08\/Logo_HSA_h-1536x448.png 1536w, https:\/\/filling-the-gap.eu\/wp-content\/uploads\/2021\/08\/Logo_HSA_h-400x117.png 400w\" sizes=\"(max-width: 1865px) 100vw, 1865px\" \/><\/a><\/figure><div class=\"elementor-image-box-content\"><p class=\"elementor-image-box-description\">Il Colegio Huerta Santa Ana si trova a Gines, nella periferia di Siviglia (Spagna). L\u2019offerta educativa include studenti dalla prima infanzia - 3 anni - alla scuola secondaria obbligatoria - 16 anni. Le linee pedagogiche di riferimento si nutrono delle pi\u00f9 aggiornate correnti innovative: creativit\u00e0, apprendimento cooperativo, intelligenze multiple, imprenditorialit\u00e0 e apertura ad altre culture e paesi attraverso il bilinguismo. La scuola \u00e8 fortemente impegnata  in un'educazione ai valori cooperativi basata sull'affetto, la fiducia, l'amor proprio e la sensibilit\u00e0, promuovendo lo sviluppo integrale della persona e creando un ambiente di comunicazione e convivenza responsabile.<\/p><\/div><\/div>\t\t\t\t<\/div>\n\t\t\t\t<\/div>\n\t\t\t\t\t<\/div>\n\t\t<\/div>\n\t\t\t\t\t<\/div>\n\t\t<\/section>\n\t\t\t\t<\/div>","protected":false},"excerpt":{"rendered":"<p>PARTNERS &#8216;Filling the Gap: OER for supporting teachers in distance learning&#8217; is a project coordinated by Irecoop Emilia-Romagna. The partnership is composed of four secondary&hellip;<\/p>","protected":false},"author":1,"featured_media":0,"parent":0,"menu_order":0,"comment_status":"closed","ping_status":"closed","template":"elementor_header_footer","meta":{"footnotes":""},"class_list":["post-2907","page","type-page","status-publish","hentry","user-has-not-earned"],"_links":{"self":[{"href":"https:\/\/filling-the-gap.eu\/it\/wp-json\/wp\/v2\/pages\/2907","targetHints":{"allow":["GET"]}}],"collection":[{"href":"https:\/\/filling-the-gap.eu\/it\/wp-json\/wp\/v2\/pages"}],"about":[{"href":"https:\/\/filling-the-gap.eu\/it\/wp-json\/wp\/v2\/types\/page"}],"author":[{"embeddable":true,"href":"https:\/\/filling-the-gap.eu\/it\/wp-json\/wp\/v2\/users\/1"}],"replies":[{"embeddable":true,"href":"https:\/\/filling-the-gap.eu\/it\/wp-json\/wp\/v2\/comments?post=2907"}],"version-history":[{"count":157,"href":"https:\/\/filling-the-gap.eu\/it\/wp-json\/wp\/v2\/pages\/2907\/revisions"}],"predecessor-version":[{"id":9459,"href":"https:\/\/filling-the-gap.eu\/it\/wp-json\/wp\/v2\/pages\/2907\/revisions\/9459"}],"wp:attachment":[{"href":"https:\/\/filling-the-gap.eu\/it\/wp-json\/wp\/v2\/media?parent=2907"}],"curies":[{"name":"wp","href":"https:\/\/api.w.org\/{rel}","templated":true}]}}